{"id":7622,"date":"2019-04-17T17:39:06","date_gmt":"2019-04-17T15:39:06","guid":{"rendered":"https:\/\/www.bho-legal.com\/?page_id=7622"},"modified":"2024-02-27T12:52:08","modified_gmt":"2024-02-27T10:52:08","slug":"mey","status":"publish","type":"page","link":"https:\/\/www.bho-legal.com\/fr\/team-bho\/mey\/","title":{"rendered":"Dr. Jan Helge Mey"},"content":{"rendered":"<div class=\"ui-row row\">\n <div   class=\"ui-column span4\"><div  class=\"ui--animation-in make--fx--appear ui--pass clearfix\" data-fx=\"fx--appear\" data-delay=\"400\" data-start-delay=\"0\"><div class=\"ui--box-widget\"><div  class=\"ui--content-box ui--box ui--content-item ui--animation ui-row\"><div class=\"ui--content-box-header\"><div class=\"ui--content-box-media effect--fade type--default clearfix ratio-original\"><a class=\"ui--content-box-link\" href=\"mailto:jan.mey@bho-legal.com\" target=\"_blank\"><div class=\"ui--content-box-image-default\"><img decoding=\"async\" width=\"3000\" height=\"2000\" src=\"https:\/\/www.bho-legal.com\/wp-content\/uploads\/less-flux\/2019\/05\/2018-mey_original-1.webp\" class=\"ui--content-box-image\" alt=\"\" \/><\/div><div class=\"ui--content-box-overlay\"><div class=\"ui--content-box-overlay-background\"><\/div><div class=\"center\"><span class=\"btn btn-grey ui--center-vertical\"><span class=\"ui--content-box-overlay-button-text\">Envoyer un e-mail<\/span><span class=\"ui--content-box-overlay-button-icon\"><i class=\"ui--icon fontawesome-envelope\"><\/i><\/span><\/span><\/div><\/div><\/a><\/div><a class=\"ui--content-box-link\" href=\"mailto:jan.mey@bho-legal.com\" target=\"_blank\"><div class=\"ui--content-box-title ui--gradient ui--gradient-grey on--hover clearfix text-center\"><h5 class=\"ui--content-box-title-text\">Ma\u00eetre Jan Helge Mey, LL.M. (McGill)<\/h5><h6 class=\"ui--content-box-title-caption\">Avocat | Associ\u00e9<\/h6><\/div><\/a><\/div><\/div><\/div><div  class=\"ui--space clearfix\" style=\"height: 20px;\" data-responsive=\"{&quot;css&quot;:{&quot;height&quot;:{&quot;phone&quot;:null,&quot;tablet&quot;:null,&quot;widescreen&quot;:&quot;20px&quot;}}}\"><\/div><div class=\"ui--custom-menu-bar ui--gradient ui--gradient-grey hover-effect ui--box orientation-vertical ui--height-thin text-left clearfix\"><ul class=\"unstyled clearfix\"><li class=\"first-item ui--gradient-grey ui--icon-position-left\" title=\"\"><span><i class=\"ui--icon fontawesome-phone\"><\/i> +49  221 \/ 270 956 - 220 <\/span><\/li><li class=\"ui--gradient-grey ui--icon-position-left\" title=\"\"><span><i class=\"ui--icon icomoon-print-3\"><\/i> +49  221 \/ 270 956 - 222 <\/span><\/li><li class=\"ui--gradient-grey ui--icon-position-left\" title=\"\"><span><i class=\"ui--icon fontawesome-mobile-phone\"><\/i> +49  176 \/ 458 700 48 <\/span><\/li><li class=\"ui--gradient-grey ui--icon-position-left\" title=\"\"><a href=\"mailto:jan.mey@bho-legal.com\"><i class=\"ui--icon fontawesome-envelope\"><\/i> jan.mey@bho-legal.com <\/a><\/li><li class=\"ui--gradient-grey ui--icon-position-left\" title=\"\"><a href=\"https:\/\/www.xing.com\/profile\/JanHelge_Mey\" target=\"_blank\"><i class=\"ui--icon fontawesome-xing\"><\/i> Ma\u00eetre Jan Helge Mey sur Xing <\/a><\/li><li class=\"last-item ui--gradient-grey ui--icon-position-left\" title=\"\"><a href=\"https:\/\/de.linkedin.com\/in\/jan-helge-mey-5983a0123\" target=\"_blank\"><i class=\"ui--icon fontawesome-linkedin\"><\/i> Ma\u00eetre Jan Helge Mey sur LinkedIn <\/a><\/li><\/ul><\/div><div  class=\"ui--space clearfix\" style=\"height: 20px;\" data-responsive=\"{&quot;css&quot;:{&quot;height&quot;:{&quot;phone&quot;:null,&quot;tablet&quot;:null,&quot;widescreen&quot;:&quot;20px&quot;}}}\"><\/div><div class=\"ui--image-wrap clearfix text-center ui--block\"><a href=\"https:\/\/www.lexology.com\/clientchoice?g=jurisdiction&amp;j=Germany&amp;p=1&amp;ps=50&amp;y=2024\"><img decoding=\"async\" width=\"115\" height=\"115\" src=\"https:\/\/www.bho-legal.com\/wp-content\/uploads\/less-flux\/2023\/12\/Logo-ClientChoice-2024.webp\" class=\"ui--image ui--animation\" alt=\"\" title=\"Logo ClientChoice 2024\" id=\"ui--image-1\" \/><\/a><\/div><\/div><\/div> \n\n <div   class=\"ui-column span8\"><div  class=\"ui--animation-in make--fx--appear ui--pass clearfix\" data-fx=\"fx--appear\" data-delay=\"400\" data-start-delay=\"0\"><div  class=\"ui--icon-box position--right\"><div  class=\"ui--icon-box-content\"><div  class=\"ui--animation ui--icon-box-text text-justify\" data-fx=\"fx--no-effect\"><p><strong><span class=\"ui--animation ui--block\">Depuis F\u00e9vrier 2019, Ma\u00eetre Jan Helge Mey est associ\u00e9 du cabinet BHO Legal. Il est sp\u00e9cialis\u00e9 dans le droit des march\u00e9s, le droit public des affaires et le droit a\u00e9rien et spatiale. Apr\u00e8s ses \u00e9tudes \u00e0 Cologne et Qingdao (Chine), Jan s\u2019est sp\u00e9cialis\u00e9 dans le droit a\u00e9rien et spatiale \u00e0 l\u2019Universit\u00e9 McGill situ\u00e9e \u00e0 Montr\u00e9al (Canada). Ensuite il a travaill\u00e9 comme collaborateur scientifique pour l\u2019institut de droit a\u00e9rien et spatiale \u00e0 Cologne. Les th\u00e8mes abord\u00e9s dans ses projets comprenaient passations des march\u00e9s dans le secteur spatial europ\u00e9en, des questions juridiques concernant d\u00e9bris spatiaux et des m\u00e9canismes de s\u00e9curit\u00e9 pour des syst\u00e8mes spatiales critiques. <\/span><\/strong> <\/p>\n<p><span class=\"ui--animation ui--block\">Apr\u00e8s ses stages juridiques avec une station \u00e0 la centre allemande a\u00e9rospatiale (DLR), Jan a travaill\u00e9 comme avocat chez CMS Hasche Sigle \u00e0 Cologne dans les mati\u00e8res des march\u00e9s publics, de droit public des affaires, droit de commerce ext\u00e9rieure et contr\u00f4le des exportations, et des partenariats public-priv\u00e9. Il est avocat sp\u00e9cialis\u00e9 en droit des march\u00e9s et conseille sur des proc\u00e9dures de passation, des projets dans les domaines satellite et des questions juridiques sur des drones. On compte parmi ses clients des institutions europ\u00e9ens, des autorit\u00e9s f\u00e9d\u00e9rales et municipales, ainsi que des grandes et moyennes entreprises.<\/span><\/p>\n<p>Ma\u00eetre Jan Mey a \u00e9t\u00e9 r\u00e9compens\u00e9 lors des Lexology Client Choice Awards 2024 dans la cat\u00e9gorie &#8220;Government Contracts&#8221;.<\/p>\n<\/div><\/div><\/div><div  class=\"ui--divider ui--animation clearfix ui--divider-solid-line\" style=\"margin-top: 20px;  background-color: #aaaaaa !important;\"><\/div><div class=\"ui-row row\">\n <div   class=\"ui-column span6\"><h4 id=\"custom-title-h4-1\" class=\"ui--animation \" style=\"\">Dipl\u00f4mes universitaires:<\/h4><ul class=\"ui--list list-bull parent-1\"><li class=\"child-1 total-5 ui--animation\"><strong>2024<\/strong> <br \/>\r\nDocteur en droit (Dr. iur.)<\/li><li class=\"child-2 total-5 ui--animation\"><strong>2016<\/strong> <br \/>\r\nAvocat sp\u00e9cialis\u00e9 dans le droit des march\u00e9s publics<\/li><li class=\"child-3 total-5 ui--animation\"><strong>2013<\/strong> <br \/>\r\nDeuxi\u00e8me examen juridique, Minist\u00e8re de la Justice D\u00fcsseldorf<\/li><li class=\"child-4 total-5 ui--animation\"><strong>2008<\/strong> <br \/>\r\nMa\u00eetrise en droit (LL.M.), Universit\u00e9 McGill, Montr\u00e9al<\/li><li class=\"child-5 total-5 ui--animation\"><strong>2007<\/strong> <br \/>\r\nPremier examen juridique, Universit\u00e9 de Cologne<\/li>  <\/ul><\/div> \n\n <div   class=\"ui-column span6\"><h4 id=\"custom-title-h4-2\" class=\"ui--animation \" style=\"\">Activit\u00e9s professionnelles:<\/h4><ul class=\"ui--list list-bull parent-2\"><li class=\"child-1 total-5 ui--animation\"><strong>Actuellement<\/strong><br \/>\r\nAvocat et partenaire du cabinet d'avocats BHO Legal<\/li><li class=\"child-2 total-5 ui--animation\"><strong>2013 - 2019<\/strong><br \/>\r\nAvocat chez CMS Allemagne, Cologne<\/li><li class=\"child-3 total-5 ui--animation\"><strong>2011 - 2013<\/strong><br \/>\r\nAvocat stagiaire \u00e0 CMS Allemagne, Centre a\u00e9rospatial allemand (DLR), entre autres<\/li><li class=\"child-4 total-5 ui--animation\"><strong>2008 - 2010<\/strong><br \/>\r\nAssistant de recherche \u00e0 l'Institut de droit a\u00e9rien et spatial, Universit\u00e9 de Cologne<\/li><li class=\"child-5 total-5 ui--animation\"><strong>2007 - 2009<\/strong><br \/>\r\nSecr\u00e9taire \u00e0 l'arbitrage international (Investisseur .\/. \u00c9tat)<\/li>  <\/ul><\/div> \n\n<\/div> \n<div  class=\"ui--divider ui--animation clearfix ui--divider-solid-line\" style=\"margin-top: 20px;  background-color: #aaaaaa !important;\"><\/div><div class=\"ui-row row\">\n <div   class=\"ui-column span6\"><h4 id=\"custom-title-h4-3\" class=\"ui--animation \" style=\"\">Domaines juridiques:<\/h4><ul class=\"ui--list list-bull parent-3\"><li class=\"child-1 total-5 ui--animation\"><a href=\"https:\/\/www.bho-legal.com\/fr\/expertise\/rechtsgebiete\/vergaberecht\/\">Droit des march\u00e9s<\/a><\/li><li class=\"child-2 total-5 ui--animation\"><a href=https:\/\/www.bho-legal.com\/fr\/expertise\/rechtsgebiete\/beihilferecht\/\">R\u00e8gles en mati\u00e8re des aides d'\u00c9tat<\/a><\/li><li class=\"child-3 total-5 ui--animation\"><a href=\"https:\/\/www.bho-legal.com\/fr\/expertise\/rechtsgebiete\/vertragsrecht\/\">Droit contractuel<\/a><\/li><li class=\"child-4 total-5 ui--animation\"><a href=\"https:\/\/www.bho-legal.com\/fr\/expertise\/rechtsgebiete\/luft-und-weltraumrecht\/\">Droit de l'aviation et l'a\u00e9rospatiale<\/a><\/li><li class=\"child-5 total-5 ui--animation\"><a href=\"https:\/\/www.bho-legal.com\/fr\/expertise\/rechtsgebiete\/europa-und-volkerrecht\/\">Droit europ\u00e9en et droit international public<\/a><\/li>  <\/ul><\/div> \n\n <div   class=\"ui-column span6\"><h4 id=\"custom-title-h4-4\" class=\"ui--animation \" style=\"\">Langues parl\u00e9es:<\/h4><ul class=\"ui--list list-bull parent-4\"><li class=\"child-1 total-3 ui--animation\">Allemand<\/li><li class=\"child-2 total-3 ui--animation\">Anglais<\/li><li class=\"child-3 total-3 ui--animation\">Fran\u00e7ais<\/li>  <\/ul><\/div> \n\n<\/div> \n<div  class=\"ui--divider ui--animation clearfix ui--divider-solid-line\" style=\"margin-top: 20px;  background-color: #aaaaaa !important;\"><\/div><h4 id=\"custom-title-h4-5\" class=\"ui--animation \" style=\"\">Publications selctionn\u00e9es:<\/h4><div  class=\"ui--icon-box position--left\"><span class=\"ui--icon-box-icon ui--animation\"><i class=\"ui--icon icomoon-newspaper icon-inline-block\" style=\"font-size: 50px;  width: 54px;  height: 54px;  color: #bbbbbb !important;\"><\/i><\/span><div  class=\"ui--icon-box-content\"><div  class=\"ui--animation ui--icon-box-text text-left\" data-fx=\"fx--appear\"><ul>\n<li> Die EU- und ESA-Vorschriften f\u00fcr das \u00f6ffentliche Auftragswesen, (Original: The EU and ESA rules on public procurement), in: Routledge Handbook of Commercial Space Law, 31.07.2023 (Mitautor: Dr. Oliver Heinrich)\n<li>Regelm\u00e4\u00dfige Rezensentent\u00e4tigkeit f\u00fcr den Literaturbrief \u2013 Literaturf\u00fchrer Vergaberecht des forum vergabe e.V. seit 02\/2015.<\/li>\n<li>Regelm\u00e4\u00dfige Besprechung von aktuellen Entscheidungen und relevanten vergaberechtlichen Entwicklungen im hauseigenen <a href=\"https:\/\/www.bho-legal.com\/rechtsprechungsreport-vergaberecht\" target=\"_blank\">Rechtsprechungsreport<\/a> von BHO Legal <\/li>\n<li>Industry and Agency Contracts and Procurement, in: Oxford Research Encyclopedia of Planetary Science, Oxford University Press (Mitautoren: Dr. Ingo Baumann, Erik Pellander), im Erscheinen.<\/li>\n<li>\u201eUngew\u00f6hnlich niedrig\u201c \u2013 Nicht nur der Preis ist hei\u00df! (EuGH, Urt. v. 15.09.2022 \u2013 C-669\/20 \u2013 \u201eVeridos\u201c), <a href=\"https:\/\/www.vergabeblog.de\/2022-12-19\/ungewoehnlich-niedrig-nicht-nur-der-preis-ist-heiss-eugh-urt-v-15-09-2022-c-669-20-veridos\/\">Vergabeblog.de vom 19.12.2022, Nr. 51799<\/a>.<\/li>\n<li>Autorent\u00e4tigkeit in Kohlhammer-Kommentar zum Vergaberecht, insbesondere zu<br \/>\nRahmenvereinbarungen, VS-Vergaben, Kommentierung der Vorschriften \u00a7\u00a7 21, 81, 82 VgV; \u00a7\u00a7 4, 7-9, 14, 35, 38, 40, 41, 44, 45 VSVgV; \u00a7\u00a7 12, 13, 19-23, 34-36 KonzVgV; \u00a7 4a VOB\/A; \u00a7 4a VOB\/A-EU; \u00a7 4 VOL\/A; \u00a7\u00a7 15, 51 UVgO, in: Heu-vels\/H\u00f6\u00df\/Ku\u00df\/Wagner (Hrsg.), 2. Auflage 2021, Kohlhammer Verlag. <\/li>\n<li> Insights into Space law in China sowie \u00dcbersetzungen des chinesischen Weltraumrechts, in: <a href=\"https:\/\/spacewatch.global\/2021\/02\/spacewatchgl-opinion-insights-into-space-law-in-china\/\">SpacewatchGlobal<\/a>.<\/li>\n<li> Vergaberecht und -praxis in der Weltraumindustrie, in: <a href=\"https:\/\/www.vergabeblog.de\/2021-02-01\/vergaberecht-und-praxis-in-der-weltraumindustrie\/\">Vergabeblog.de vom 01.02.2021, Nr. 46257 (Mitautor: Dr. Ingo Baumann)<\/a>.<\/li>\n<li> Der Auftraggeber hat die Macht, wenn es um die Definition der Kriterien f\u00fcr die Begrenzung der Teilnehmer geht! (VK Nordbayern, Beschl. v. 01.10.2020 \u2013 RMF \u2013 SG21-3194-5-36), <a href=\"https:\/\/www.vergabeblog.de\/2021-01-18\/der-auftraggeber-hat-die-macht-wenn-es-um-die-definition-der-kriterien-fuer-die-begrenzung-der-teilnehmer-geht-vk-nordbayern-beschl-v-01-10-2020-rmf-sg21-3194-5-36\/\">Vergabeblog.de vom 18.01.2021, Nr. 46073<\/a>.<\/li>\n<li>Verdeckte Produktvorgabe und Projektpreise: eine Geschichte \u00fcber ausreichende Aufdeckungsbem\u00fchungen eines Bieters (OLG M\u00fcnchen, Beschl. v. 26.03.2020 \u2013 Verg 22\/149), in: <a href=\"https:\/\/www.vergabeblog.de\/2020-06-29\/verdeckte-produktvorgabe-und-projektpreise-eine-geschichte-ueber-ausreichende-aufdeckungsbemuehungen-eines-bieters-olg-muenchen-beschl-v-26-03-2020-verg-22-19\/\">Vergabeblog.de vom 29.06.2020, Nr. 44378<\/a>.<\/li>\n<li> Digitale Akte Berlin: Antworterwartungen m\u00fcssen vor der Angebots\u00f6ffnung nachweisbar feststehen (VK Berlin, Beschl. v. 13.03.2020 \u2013 VK-B1-36\/19), <a href=\"https:\/\/www.vergabeblog.de\/2020-05-04\/digitale-akte-berlin-antworterwartungen-muessen-vor-der-angebotsoeffnung-nachweisbar-feststehen-vk-berlin-beschl-v-13-03-2020-vk-b1-36-19\/\">Vergabeblog.de vom 04\/05\/2020, Nr. 43942<\/a>.<\/li>\n<li> Wie werden sich neue EU-Drohnenverordnungen auf den kommerziellen Betrieb in ganz Europa auswirken? (Original: How Will New EU Drone Regulations Impact Commercial Operations Across Europe?), Interview mit COMMERCIAL UAV NEWS, in: www.commercialuavnews.com, vom 7. Januar 2020.<\/li>\n<li> Agil bleiben &#8211; Rechtliche Herausforderungen in Smart Cities (Original: Keeping agile \u2013 legal challenges in smart cities), in: The Future of Transportation 2019, S. 182-184 (Mitautoren: Gerhard Deiters\/Dr. Oliver Heinrich).<\/li>\n<li> Die Harmonisierung der EU-Regeln f\u00fcr Drohnen schreitet voran &#8211; Was hat sich ge\u00e4ndert? Was sind die Auswirkungen? (Original: European Union UAS Harmonization Moves Forward \u2013 What\u2019s Changed? What Are The Implications?), in: Inside Unmanned Systems Juni\/Juli 2019, S. 70-73 (Mitautor: Dr. Oliver Heinrich) sowie August\/September 2019, S. 54-57.<\/li>\n<li> EU-Kommission bekommt ein Mitspracherecht bei FDIs, die sich auf Raumfahrtprogramme und andere kritische Infrastrukturen auswirken (Original: EU Commission gets a say on FDIs affecting space programmes and other critical infrastructure), auf BHO-Legal.com vom 25\/03\/2019.<\/li>\n<li> Beseitigung von Weltraumschrott: Einige Aspekte des V\u00f6lkerrechts im Zusammenhang mit der Beseitigung von Weltraumm\u00fcll aus dem Erdorbit (Original: Space Debris Remediation: Some Aspects of International Law Relating to the Removal of Space Junk from Earth Orbit), in: Zeitschrift f\u00fcr Luft- und Weltraumrecht (ZLW) 2012, S. 251-271.<\/li>\n<li> Koh\u00e4rentes europ\u00e4isches Vergaberecht und -politik f\u00fcr den europ\u00e4ischen Raumfahrtsektor &#8211; Auf dem Weg zu einem dritten Weg (Original:  A Coherent European Procurement Law and Policy for the European Space Sector \u2013 Towards a Third Way), Forschungsprojekt im Rahmen des 7. Forschungsrahmenprogramms der EU, Prof. Dr. Stephan Hobe\/Mahulena Hofmannov\u00e1 \/ Jan Wouters (Hrsg.) 2010 (Mitautor).<\/li>\n<\/ul>\n<\/div><\/div><\/div><h4 id=\"custom-title-h4-6\" class=\"ui--animation \" style=\"\">Pr\u00e9sentations selctionn\u00e9es:<\/h4><div  class=\"ui--icon-box position--left\"><span class=\"ui--icon-box-icon ui--animation\"><i class=\"ui--icon icomoon-newspaper icon-inline-block\" style=\"font-size: 50px;  width: 54px;  height: 54px;  color: #bbbbbb !important;\"><\/i><\/span><div  class=\"ui--icon-box-content\"><div  class=\"ui--animation ui--icon-box-text text-left\" data-fx=\"fx--appear\"><ul>\n<li> Rechtsfragen zu deutschen \u201eWeltraumbahnh\u00f6fen\u201c als Teil von Responsive Space Systemen, Deutscher Luft- und Raumfahrtkongress, Dresden 2022, https:\/\/publikationen.dglr.de\/?tx_dglrpublications_pi1[document_id]=570194.<\/li>\n<li> Wie k\u00f6nnen Start-ups bei Beschaffungen besser ber\u00fccksichtigt werden? Rechtliche Herausforderungen und L\u00f6sungen, BDI Symposium Raumfahrt und Verteidigung anl\u00e4sslich der M\u00fcnchener Sicherheitskonferenz, M\u00fcnchen 2022.<\/li>\n<li> Rechtliche Fragestellungen bez\u00fcglich eines deutschen Weltraumbahnhofs, Deutscher Luft- und Raumfahrtkongress, Bremen 2021.<\/li>\n<li> Die neuen EU-Drohnenregeln \u2013 wie Sie Ihr Gesch\u00e4ft nach 2020 fortsetzen k\u00f6nnen (Original: The new EU drone rules \u2013 how to continue your business after 2020), INTERGEO IAS, Stuttgart 2019.<\/li>\n<\/ul>\n<\/div><\/div><\/div><\/div><\/div> \n\n<\/div> \n<div  class=\"ui--space clearfix\" style=\"height: 30px;\" data-responsive=\"{&quot;css&quot;:{&quot;height&quot;:{&quot;phone&quot;:null,&quot;tablet&quot;:null,&quot;widescreen&quot;:&quot;30px&quot;}}}\"><\/div>","protected":false},"excerpt":{"rendered":"<p>Envoyer un e-mailMa\u00eetre Jan Helge Mey, LL.M. (McGill)Avocat | Associ\u00e9 +49 221 \/ 270 956 &#8211; 220 +49 221 \/ 270 956 &#8211; 222 +49 176 \/ 458 700 48 jan.mey@bho-legal.com Ma\u00eetre Jan Helge Mey sur Xing Ma\u00eetre Jan Helge Mey sur LinkedIn Depuis F\u00e9vrier 2019, Ma\u00eetre Jan Helge Mey est associ\u00e9 du cabinet BHO [&hellip;]<\/p>\n","protected":false},"author":8,"featured_media":0,"parent":3565,"menu_order":1,"comment_status":"open","ping_status":"closed","template":"","meta":{"footnotes":""},"class_list":["post-7622","page","type-page","status-publish","hentry"],"yoast_head":"<!-- This site is optimized with the Yoast SEO plugin v28.3 - https:\/\/yoast.com\/product\/yoast-seo-wordpress\/ -->\n<title>Dr. Jan Helge Mey - BHO-Legal<\/title>\n<meta name=\"robots\" content=\"index, follow, max-snippet:-1, max-image-preview:large, max-video-preview:-1\" \/>\n<link rel=\"canonical\" href=\"https:\/\/www.bho-legal.com\/fr\/team-bho\/mey\/\" \/>\n<meta property=\"og:locale\" content=\"fr_FR\" \/>\n<meta property=\"og:type\" content=\"article\" \/>\n<meta property=\"og:title\" content=\"Dr. Jan Helge Mey - BHO-Legal\" \/>\n<meta property=\"og:description\" content=\"Envoyer un e-mailMa\u00eetre Jan Helge Mey, LL.M. (McGill)Avocat | Associ\u00e9 +49 221 \/ 270 956 - 220 +49 221 \/ 270 956 - 222 +49 176 \/ 458 700 48 jan.mey@bho-legal.com Ma\u00eetre Jan Helge Mey sur Xing Ma\u00eetre Jan Helge Mey sur LinkedIn Depuis F\u00e9vrier 2019, Ma\u00eetre Jan Helge Mey est associ\u00e9 du cabinet BHO [&hellip;]\" \/>\n<meta property=\"og:url\" content=\"https:\/\/www.bho-legal.com\/fr\/team-bho\/mey\/\" \/>\n<meta property=\"og:site_name\" content=\"BHO-Legal\" \/>\n<meta property=\"article:modified_time\" content=\"2024-02-27T10:52:08+00:00\" \/>\n<meta name=\"twitter:card\" content=\"summary_large_image\" \/>\n<meta name=\"twitter:label1\" content=\"Dur\u00e9e de lecture estim\u00e9e\" \/>\n\t<meta name=\"twitter:data1\" content=\"7 minutes\" \/>\n<script type=\"application\/ld+json\" class=\"yoast-schema-graph\">{\"@context\":\"https:\\\/\\\/schema.org\",\"@graph\":[{\"@type\":\"WebPage\",\"@id\":\"https:\\\/\\\/www.bho-legal.com\\\/fr\\\/team-bho\\\/mey\\\/\",\"url\":\"https:\\\/\\\/www.bho-legal.com\\\/fr\\\/team-bho\\\/mey\\\/\",\"name\":\"Dr. Jan Helge Mey - BHO-Legal\",\"isPartOf\":{\"@id\":\"https:\\\/\\\/www.bho-legal.com\\\/en\\\/#website\"},\"datePublished\":\"2019-04-17T15:39:06+00:00\",\"dateModified\":\"2024-02-27T10:52:08+00:00\",\"breadcrumb\":{\"@id\":\"https:\\\/\\\/www.bho-legal.com\\\/fr\\\/team-bho\\\/mey\\\/#breadcrumb\"},\"inLanguage\":\"fr-FR\",\"potentialAction\":[{\"@type\":\"ReadAction\",\"target\":[\"https:\\\/\\\/www.bho-legal.com\\\/fr\\\/team-bho\\\/mey\\\/\"]}]},{\"@type\":\"BreadcrumbList\",\"@id\":\"https:\\\/\\\/www.bho-legal.com\\\/fr\\\/team-bho\\\/mey\\\/#breadcrumb\",\"itemListElement\":[{\"@type\":\"ListItem\",\"position\":1,\"name\":\"Home\",\"item\":\"https:\\\/\\\/www.bho-legal.com\\\/fr\\\/\"},{\"@type\":\"ListItem\",\"position\":2,\"name\":\"Team BHO Legal\",\"item\":\"https:\\\/\\\/www.bho-legal.com\\\/fr\\\/team-bho\\\/\"},{\"@type\":\"ListItem\",\"position\":3,\"name\":\"Dr. Jan Helge Mey\"}]},{\"@type\":\"WebSite\",\"@id\":\"https:\\\/\\\/www.bho-legal.com\\\/en\\\/#website\",\"url\":\"https:\\\/\\\/www.bho-legal.com\\\/en\\\/\",\"name\":\"BHO-Legal\",\"description\":\"Rechtsanwaltskanzlei K\u00f6ln M\u00fcnchen\",\"publisher\":{\"@id\":\"https:\\\/\\\/www.bho-legal.com\\\/en\\\/#organization\"},\"potentialAction\":[{\"@type\":\"SearchAction\",\"target\":{\"@type\":\"EntryPoint\",\"urlTemplate\":\"https:\\\/\\\/www.bho-legal.com\\\/en\\\/?s={search_term_string}\"},\"query-input\":{\"@type\":\"PropertyValueSpecification\",\"valueRequired\":true,\"valueName\":\"search_term_string\"}}],\"inLanguage\":\"fr-FR\"},{\"@type\":\"Organization\",\"@id\":\"https:\\\/\\\/www.bho-legal.com\\\/en\\\/#organization\",\"name\":\"BHO Legal\",\"url\":\"https:\\\/\\\/www.bho-legal.com\\\/en\\\/\",\"logo\":{\"@type\":\"ImageObject\",\"inLanguage\":\"fr-FR\",\"@id\":\"https:\\\/\\\/www.bho-legal.com\\\/en\\\/#\\\/schema\\\/logo\\\/image\\\/\",\"url\":\"https:\\\/\\\/www.bho-legal.com\\\/wp-content\\\/uploads\\\/2015\\\/04\\\/logo_BHO_144-1.png\",\"contentUrl\":\"https:\\\/\\\/www.bho-legal.com\\\/wp-content\\\/uploads\\\/2015\\\/04\\\/logo_BHO_144-1.png\",\"width\":144,\"height\":144,\"caption\":\"BHO Legal\"},\"image\":{\"@id\":\"https:\\\/\\\/www.bho-legal.com\\\/en\\\/#\\\/schema\\\/logo\\\/image\\\/\"}}]}<\/script>\n<!-- \/ Yoast SEO plugin. -->","yoast_head_json":{"title":"Dr. Jan Helge Mey - BHO-Legal","robots":{"index":"index","follow":"follow","max-snippet":"max-snippet:-1","max-image-preview":"max-image-preview:large","max-video-preview":"max-video-preview:-1"},"canonical":"https:\/\/www.bho-legal.com\/fr\/team-bho\/mey\/","og_locale":"fr_FR","og_type":"article","og_title":"Dr. Jan Helge Mey - BHO-Legal","og_description":"Envoyer un e-mailMa\u00eetre Jan Helge Mey, LL.M. (McGill)Avocat | Associ\u00e9 +49 221 \/ 270 956 - 220 +49 221 \/ 270 956 - 222 +49 176 \/ 458 700 48 jan.mey@bho-legal.com Ma\u00eetre Jan Helge Mey sur Xing Ma\u00eetre Jan Helge Mey sur LinkedIn Depuis F\u00e9vrier 2019, Ma\u00eetre Jan Helge Mey est associ\u00e9 du cabinet BHO [&hellip;]","og_url":"https:\/\/www.bho-legal.com\/fr\/team-bho\/mey\/","og_site_name":"BHO-Legal","article_modified_time":"2024-02-27T10:52:08+00:00","twitter_card":"summary_large_image","twitter_misc":{"Dur\u00e9e de lecture estim\u00e9e":"7 minutes"},"schema":{"@context":"https:\/\/schema.org","@graph":[{"@type":"WebPage","@id":"https:\/\/www.bho-legal.com\/fr\/team-bho\/mey\/","url":"https:\/\/www.bho-legal.com\/fr\/team-bho\/mey\/","name":"Dr. Jan Helge Mey - BHO-Legal","isPartOf":{"@id":"https:\/\/www.bho-legal.com\/en\/#website"},"datePublished":"2019-04-17T15:39:06+00:00","dateModified":"2024-02-27T10:52:08+00:00","breadcrumb":{"@id":"https:\/\/www.bho-legal.com\/fr\/team-bho\/mey\/#breadcrumb"},"inLanguage":"fr-FR","potentialAction":[{"@type":"ReadAction","target":["https:\/\/www.bho-legal.com\/fr\/team-bho\/mey\/"]}]},{"@type":"BreadcrumbList","@id":"https:\/\/www.bho-legal.com\/fr\/team-bho\/mey\/#breadcrumb","itemListElement":[{"@type":"ListItem","position":1,"name":"Home","item":"https:\/\/www.bho-legal.com\/fr\/"},{"@type":"ListItem","position":2,"name":"Team BHO Legal","item":"https:\/\/www.bho-legal.com\/fr\/team-bho\/"},{"@type":"ListItem","position":3,"name":"Dr. Jan Helge Mey"}]},{"@type":"WebSite","@id":"https:\/\/www.bho-legal.com\/en\/#website","url":"https:\/\/www.bho-legal.com\/en\/","name":"BHO-Legal","description":"Rechtsanwaltskanzlei K\u00f6ln M\u00fcnchen","publisher":{"@id":"https:\/\/www.bho-legal.com\/en\/#organization"},"potentialAction":[{"@type":"SearchAction","target":{"@type":"EntryPoint","urlTemplate":"https:\/\/www.bho-legal.com\/en\/?s={search_term_string}"},"query-input":{"@type":"PropertyValueSpecification","valueRequired":true,"valueName":"search_term_string"}}],"inLanguage":"fr-FR"},{"@type":"Organization","@id":"https:\/\/www.bho-legal.com\/en\/#organization","name":"BHO Legal","url":"https:\/\/www.bho-legal.com\/en\/","logo":{"@type":"ImageObject","inLanguage":"fr-FR","@id":"https:\/\/www.bho-legal.com\/en\/#\/schema\/logo\/image\/","url":"https:\/\/www.bho-legal.com\/wp-content\/uploads\/2015\/04\/logo_BHO_144-1.png","contentUrl":"https:\/\/www.bho-legal.com\/wp-content\/uploads\/2015\/04\/logo_BHO_144-1.png","width":144,"height":144,"caption":"BHO Legal"},"image":{"@id":"https:\/\/www.bho-legal.com\/en\/#\/schema\/logo\/image\/"}}]}},"_links":{"self":[{"href":"https:\/\/www.bho-legal.com\/fr\/wp-json\/wp\/v2\/pages\/7622","targetHints":{"allow":["GET"]}}],"collection":[{"href":"https:\/\/www.bho-legal.com\/fr\/wp-json\/wp\/v2\/pages"}],"about":[{"href":"https:\/\/www.bho-legal.com\/fr\/wp-json\/wp\/v2\/types\/page"}],"author":[{"embeddable":true,"href":"https:\/\/www.bho-legal.com\/fr\/wp-json\/wp\/v2\/users\/8"}],"replies":[{"embeddable":true,"href":"https:\/\/www.bho-legal.com\/fr\/wp-json\/wp\/v2\/comments?post=7622"}],"version-history":[{"count":5,"href":"https:\/\/www.bho-legal.com\/fr\/wp-json\/wp\/v2\/pages\/7622\/revisions"}],"predecessor-version":[{"id":12081,"href":"https:\/\/www.bho-legal.com\/fr\/wp-json\/wp\/v2\/pages\/7622\/revisions\/12081"}],"up":[{"embeddable":true,"href":"https:\/\/www.bho-legal.com\/fr\/wp-json\/wp\/v2\/pages\/3565"}],"wp:attachment":[{"href":"https:\/\/www.bho-legal.com\/fr\/wp-json\/wp\/v2\/media?parent=7622"}],"curies":[{"name":"wp","href":"https:\/\/api.w.org\/{rel}","templated":true}]}}